{"id":1469,"date":"2021-04-07T14:41:48","date_gmt":"2021-04-07T12:41:48","guid":{"rendered":"https:\/\/www.xbrlfrance.org\/?page_id=1469"},"modified":"2026-04-04T21:56:19","modified_gmt":"2026-04-04T19:56:19","slug":"groupe-de-travail-mapping-esef","status":"publish","type":"page","link":"https:\/\/www.xbrlfrance.org\/?page_id=1469","title":{"rendered":"Groupe de travail Mapping ESEF"},"content":{"rendered":"\n<p>Initi\u00e9 en mars 2021 apr\u00e8s les premi\u00e8res remises ESEF, le <strong>Groupe de travail Mapping ESEF<\/strong> rassemble des comptables et auditeurs, \u00e9metteurs, analystes et \u00e9diteurs autour des sujets fonctionnels li\u00e9s \u00e0 la mise en oeuvre du r\u00e8glement ESEF, et plus particuli\u00e8rement dans le choix des balises de la taxonomie ESEF utilis\u00e9es pour d\u00e9crire les comptes des soci\u00e9t\u00e9s.<\/p>\n<p>Des informations sur le r\u00e8glement, la taxonomie et les outils ESEF sont donn\u00e9es sur le <a style=\"pointer-events: none;\" href=\"http:\/\/esef.xbrl.eu\" target=\"_blank\" rel=\"noopener\">Hub ESEF<\/a> de l&#8217;association XBRL France (en anglais) et sur la <a style=\"pointer-events: none;\" href=\"https:\/\/www.amf-france.org\/fr\/actualites-publications\/dossiers-thematiques\/esef\" target=\"_blank\" rel=\"noopener\">page<\/a> de l&#8217;AMF d\u00e9di\u00e9e au sujet. Les questions techniques sont relay\u00e9es au groupe BPTF de XBRL Europe.<\/p>\n<p>Les objectifs du groupe Mapping ESEF sont :<\/p>\n<ul>\n<li>Se donner les grands principes de mapping en France<\/li>\n<li>Echanger sur les agr\u00e9gats et extensions les plus utilis\u00e9s en France, ainsi que des points p\u00e9riph\u00e9riques (dates\u2026)<\/li>\n<li>Proposer des pratiques communes, id\u00e9alement transmises \u00e0 l\u2019ANC \/ IFRS Foundation<\/li>\n<li>Pr\u00e9parer des r\u00e9ponses aux consultations sur les \u00e9volutions de taxonomies (ITCG) ou de r\u00e8glementation (ESMA)<\/li>\n<\/ul>\n<p>Le groupe a initi\u00e9 une liste de point de d\u00e9bat sur des pratiques divergentes constat\u00e9es en France, afin de les analyser et documenter. Le groupe se r\u00e9unit chaque mois afin de traiter les points de la liste.<\/p>\n<p>Le groupe est anim\u00e9 par Astrid Montagnier (KPMG) et Thomas Verdin (BM&amp;A).<\/p>\n<p><strong><em>Contactez les co-pr\u00e9sidents du groupe pour recevoir les liens de connexion et participer aux travaux<\/em><\/strong>.<\/p>\n\n\n\n<div class=\"wp-block-cover is-light\" style=\"min-height:185px;aspect-ratio:unset;\"><img loading=\"lazy\" decoding=\"async\" width=\"1250\" height=\"201\" class=\"wp-block-cover__image-background wp-image-1465\" alt=\"\" src=\"https:\/\/www.xbrlfrance.org\/wp-content\/uploads\/2021\/04\/DOCTRAVAIL.jpg\" data-object-fit=\"cover\" srcset=\"https:\/\/www.xbrlfrance.org\/wp-content\/uploads\/2021\/04\/DOCTRAVAIL.jpg 1250w, https:\/\/www.xbrlfrance.org\/wp-content\/uploads\/2021\/04\/DOCTRAVAIL-300x48.jpg 300w, https:\/\/www.xbrlfrance.org\/wp-content\/uploads\/2021\/04\/DOCTRAVAIL-1024x165.jpg 1024w, https:\/\/www.xbrlfrance.org\/wp-content\/uploads\/2021\/04\/DOCTRAVAIL-768x123.jpg 768w, https:\/\/www.xbrlfrance.org\/wp-content\/uploads\/2021\/04\/DOCTRAVAIL-620x100.jpg 620w\" sizes=\"auto, (max-width: 1250px) 100vw, 1250px\" \/><span aria-hidden=\"true\" class=\"wp-block-cover__background has-background-dim\"><\/span><div class=\"wp-block-cover__inner-container is-layout-flow wp-block-cover-is-layout-flow\">\n<p class=\"has-text-align-center has-large-font-size\"><strong>DOCUMENTS DE TRAVAIL<\/strong><\/p>\n\n\n<\/div><\/div>\n\n\n\n<p><strong>SUPPORTS ET COMPTES-RENDUS DE REUNIONS 2026<\/strong><\/p>\n<ul>\n<li>R\u00e9union 2026-01 &#8211; 13\/01\/2026 de 10h30 \u00e0 12h &#8211; <a href=\"https:\/\/www.xbrlfrance.org\/wp-content\/uploads\/2026\/01\/XBRLFrance-Groupe-MappingESEF-20260113-avec-Notes.pdf\" target=\"_blank\" rel=\"noopener\">Support avec Notes<\/a><\/li>\n<li>Sous-groupe CbCR &#8211; 02\/02\/2026 de 16h \u00e0 18h &#8211; le CR a \u00e9t\u00e9 transmis au GT XBRL Europe pour prise en compte dans la r\u00e9ponse europ\u00e9enne \u00e0 la consultation CbCR<\/li>\n<li>R\u00e9union 2026-02 &#8211; 05\/02\/2026 de 10h30 \u00e0 12h &#8211; <a href=\"https:\/\/www.xbrlfrance.org\/wp-content\/uploads\/2026\/02\/XBRLFrance-Groupe-MappingESEF-20260205.pdf\" target=\"_blank\" rel=\"noopener\">Support<\/a><\/li>\n<li>R\u00e9union 2026-03 &#8211; 02\/04\/2026 de 10h30 \u00e0 11h30 &#8211; <a href=\"https:\/\/www.xbrlfrance.org\/wp-content\/uploads\/2026\/04\/XBRLFrance-Groupe-MappingESEF-20260402-avec-notes.pdf\" target=\"_blank\" rel=\"noopener\">Support<\/a><\/li>\n<li>R\u00e9union sp\u00e9ciale pCBCR &#8211; 14\/04\/2026 de 16h00 \u00e0 17h30<\/li>\n<li>Journ\u00e9es XBRL Europe \u00e0 Paris 27-28\/05\/2026 &#8211; <a href=\"https:\/\/digitalreportingeu.org\/\" target=\"_blank\" rel=\"noopener\">INFOS<\/a><\/li>\n<li>R\u00e9union 2026-04 &#8211;\u00a0 04\/06\/2026 de 14h00 \u00e0 15h30 &#8211; A VENIR<\/li>\n<li>Les comptes rendus des r\u00e9unions des ann\u00e9es pr\u00e9c\u00e9dents sont repris plus bas dans cette page<\/li>\n<\/ul>\n<p>\u26a0 <strong>PREPARATION DES RAPPORTS FINANCIERS ESEF 2025<\/strong><\/p>\n<ul>\n<li>Il est conseill\u00e9 d&#8217;anticiper la revue du mapping, indispensable chaque ann\u00e9e pour tenir compte des \u00e9volutions normatives, r\u00e9glementaires, et de pr\u00e9sentation par l&#8217;\u00e9metteur &#8211;&gt; <a href=\"https:\/\/www.xbrlfrance.org\/?p=3429\">pr\u00e9sentations<\/a> le 19 novembre 2025 lors de la journ\u00e9e XBRL France<\/li>\n<li>Les \u00e9volutions taxonomiques concernent en particulier les concepts li\u00e9es aux instruments financiers, avec des impacts plus marqu\u00e9s pour les banques\/assurances<\/li>\n<li>Une version amend\u00e9e de la hi\u00e9rarchie des macro-balises est pr\u00e9conis\u00e9e &#8211;&gt; <a href=\"https:\/\/www.xbrlfrance.org\/wp-content\/uploads\/2025\/09\/Blocktag-hierarchy-2024-FR-ENG-GT-XBRL-FRANCE-CLEAN.xlsx\">TELECHARGER<\/a><\/li>\n<\/ul>\n<p>\u26a0 <strong>PREPARATION DES RAPPORTS COUNTRY BY COUNTRY 2025<\/strong><\/p>\n<ul>\n<li>Le document CbCR (taxes) doit \u00eatre \u00e9tabli au format digital inline XBRL similaire \u00e0 ESEF (<a href=\"https:\/\/eur-lex.europa.eu\/legal-content\/FR\/ALL\/?uri=CELEX:32024R2952\" target=\"_blank\" rel=\"noopener\">r\u00e8glement<\/a>) &#8212;&gt; <a href=\"https:\/\/www.xbrlfrance.org\/wp-content\/uploads\/2026\/01\/Groupe_travail_CBCR_20251911.pdf\" target=\"_blank\" rel=\"noopener\">discussions<\/a> du groupe le 20 novembre<\/li>\n<li>Un projet de taxonomie a \u00e9t\u00e9 propos\u00e9 par DG FISMA &#8211;&gt; <a href=\"https:\/\/finance.ec.europa.eu\/publications\/public-country-country-reporting-taxonomy-project_en\" target=\"_blank\" rel=\"noopener\">CONSULTER<\/a><\/li>\n<\/ul>\n\n\n\n<p><strong> \u231b PRATIQUES COMMUNES 2021-2023<\/strong><\/p>\n<p>Les Pratiques Communes propos\u00e9es par le Groupe ont \u00e9t\u00e9 transmises \u00e0 la CNCC (GT ESEF) et \u00e0 Act\u00e9o pour consultation et ont re\u00e7u un accueil favorable. Les supports de r\u00e9union 2023-2024 comprennent des &#8220;Notes de r\u00e9union&#8221; qui compl\u00e8tent ces pratiques.<\/p>\n\n\n\n<ul class=\"wp-block-list\">\n<li><a href=\"https:\/\/www.xbrlfrance.org\/wp-content\/uploads\/2021\/06\/PC01-XBRLFranceMapping-Rightofuse.pdf\" target=\"_blank\" rel=\"noreferrer noopener\">PC01 Choix de tag: Droits d&#8217;usage<\/a> &#8211; RightofuseAssets ou RightofuseAssetsThatDoNotMeetDefinitionOfInvestmentProperty ? <strong>ABANDONNE SUITE A CHANGEMENT DE TAXONOMIE<\/strong><br>[pratique commune d\u00e9finie le 06\/05, publi\u00e9e le 02\/06\/2021]<\/li>\n\n\n\n<li><a rel=\"noreferrer noopener\" href=\"https:\/\/www.xbrlfrance.org\/wp-content\/uploads\/2022\/01\/PC02-XBRLFranceMapping-Revenue.pdf\" target=\"_blank\">PC02 Choix de tag:  Chiffre d&#8217;affaire<\/a> &#8211; Revenue or RevenueFromContractsWithCustomers ?<br>[pratique commune propos\u00e9e le 06\/05, publi\u00e9e le 02\/06\/2021]<\/li>\n\n\n\n<li><a rel=\"noreferrer noopener\" href=\"https:\/\/www.xbrlfrance.org\/wp-content\/uploads\/2022\/01\/PC03-XBRLFranceMapping-Dates.pdf\" target=\"_blank\">PC03 Choix technique: Dates<\/a> &#8211; 01\/01 ou 31\/12 ?<br>[pratique commune propos\u00e9e le 02\/06\/2021, publi\u00e9e le 25\/01\/2022]<\/li>\n\n\n\n<li><a rel=\"noreferrer noopener\" href=\"https:\/\/www.xbrlfrance.org\/wp-content\/uploads\/2021\/11\/PC04-XBRLFranceMapping-Extensions-sans-balance.pdf\" data-type=\"URL\" target=\"_blank\">PC04 Extensions sans balance<\/a> &#8211; notamment au TFT pour les calculation incluant un tag PNL<br>[pratique commune discut\u00e9e le 08\/09, publi\u00e9e le 29\/10\/2021]<\/li>\n\n\n\n<li><a rel=\"noreferrer noopener\" href=\"https:\/\/www.xbrlfrance.org\/wp-content\/uploads\/2021\/11\/PC04-XBRLFranceMapping-Extensions-sans-balance.pdf\" data-type=\"URL\" target=\"_blank\">P<\/a><a rel=\"noreferrer noopener\" href=\"https:\/\/www.xbrlfrance.org\/wp-content\/uploads\/2021\/11\/PC05-XBRLFranceMapping-Nom-des-extensions-avant-standardisation.pdf\" data-type=\"URL\" data-id=\"https:\/\/www.xbrlfrance.org\/wp-content\/uploads\/2021\/11\/PC05-XBRLFranceMapping-Nom-des-extensions-avant-standardisation.pdf\" target=\"_blank\">C05 Noms des extensions avant standardisation<\/a> &#8211; extension dans l&#8217;attente d&#8217;un concept standard<br>[pratique commune discut\u00e9e le 08\/09, publi\u00e9e le 29\/10\/2021]<\/li>\n\n\n\n<li><a rel=\"noreferrer noopener\" href=\"https:\/\/www.xbrlfrance.org\/wp-content\/uploads\/2021\/10\/PC06-XBRLFranceMapping-Ancrage-Other-a-eviter.pdf\" data-type=\"URL\" target=\"_blank\">PC06  Ancrage Other \u00e0 \u00e9viter<\/a> &#8211; on pr\u00e9f\u00e8re les ancrage WIDER \u00e0 des concepts totaux<br>[pratique commune discut\u00e9e le 08\/09, publi\u00e9e le 29\/10\/2021]<\/li>\n\n\n\n<li><a rel=\"noreferrer noopener\" href=\"https:\/\/www.xbrlfrance.org\/wp-content\/uploads\/2021\/10\/PC07-XBRLFranceMapping-Ancrage-Narrowers.pdf\" data-type=\"URL\" data-id=\"https:\/\/www.xbrlfrance.org\/wp-content\/uploads\/2021\/10\/PC07-XBRLFranceMapping-Ancrage-Narrowers.pdf\" target=\"_blank\">PC07 Ancrage NARROWER \u00e0 pr\u00e9ciser<\/a> &#8211; on indique les NARROWERs standard lorsque c&#8217;est possible<br>[pratique commune discut\u00e9e le 08\/09, publi\u00e9e le 29\/10\/2021] <\/li>\n\n\n\n<li><a rel=\"noreferrer noopener\" href=\"https:\/\/www.xbrlfrance.org\/wp-content\/uploads\/2022\/01\/PC08-XBRLFranceMapping-Resultat-financier.pdf\" target=\"_blank\">PC08 Choix de tag : R\u00e9sultat financier <\/a>&#8211; FinanceIncomeCost<br>[pratique commune propos\u00e9e le 30\/11\/2021, publi\u00e9e le 25\/01\/2022]<\/li>\n\n\n\n<li><a href=\"https:\/\/www.xbrlfrance.org\/wp-content\/uploads\/2022\/05\/PC09-XBRLFranceMapping-Reserves-Consolidees.pdf\">PC09 R\u00e9serves consolid\u00e9es<\/a> &#8211; Tags pour les r\u00e9serves dans les capitaux propres<br>[pratique commune propos\u00e9e le 25\/01\/2022, valid\u00e9e le 28\/04\/2022] <\/li>\n\n\n\n<li><a rel=\"noreferrer noopener\" href=\"https:\/\/www.xbrlfrance.org\/wp-content\/uploads\/2022\/05\/PC10-XBRLFranceMapping-macrobalisage-liste-des-balises.pdf\" data-type=\"URL\" data-id=\"https:\/\/www.xbrlfrance.org\/wp-content\/uploads\/2022\/05\/PC10-XBRLFranceMapping-macrobalisage-liste-des-balises.pdf\" target=\"_blank\">PC10 Macro-balisage<\/a> : balises \u00e0 consid\u00e9rer + <a rel=\"noreferrer noopener\" href=\"https:\/\/www.xbrlfrance.org\/wp-content\/uploads\/2022\/03\/LISTE-DES-MACROBALISES-ESEF-2021.xlsx\" target=\"_blank\">LISTE XLS<\/a> des macro-balises<br>[pratique commune propos\u00e9e le 22\/02\/2022, valid\u00e9e le 24\/05\/2022]<strong> MULTIBALISAGE<\/strong> <strong>A AJOUTER<\/strong> <\/li>\n\n\n\n<li><a rel=\"noreferrer noopener\" href=\"https:\/\/www.xbrlfrance.org\/wp-content\/uploads\/2022\/05\/PC11-XBRLFranceMapping-macrobalisage-granularite-PROJET.pdf\" target=\"_blank\">PC11 Macro-balisage<\/a> : granularit\u00e9 <br>[pratique commune propos\u00e9e le 22\/02\/2002, valid\u00e9e le 14\/05\/2022]<\/li>\n\n\n\n<li><a href=\"https:\/\/www.xbrlfrance.org\/wp-content\/uploads\/2022\/05\/PC12-XBRLFrance-Mapping-macrobalisage-double.pdf\">PC12 Macro-balisage<\/a> : compl\u00e9ments + <a href=\"https:\/\/www.xbrlfrance.org\/wp-content\/uploads\/2022\/05\/HIERARCHIE-DES-MACROBALISES-ESEF-2021_102x.xlsx\">HIERACHIE XLS<\/a> des macro-balises <br>[pratique commune initi\u00e9e le 22\/02\/2022, valid\u00e9e le 14\/05\/2022] <strong>MULTIBALISAGE A AJOUTER<\/strong><\/li>\n\n\n\n<li><a href=\"https:\/\/www.xbrlfrance.org\/wp-content\/uploads\/2022\/05\/PC13-XBRLFranceMapping-donnees-comparatives-retraitees.pdf\">PC13 Identification des donn\u00e9es comparatives retrait\u00e9es<\/a> &#8211; Footnote<br>[pratique commune propos\u00e9e le 22\/02\/2022, valid\u00e9e le 28\/04\/2022] <\/li>\n\n\n\n<li><a href=\"https:\/\/www.xbrlfrance.org\/wp-content\/uploads\/2022\/05\/PC14-XBRLFranceMapping-utilisation-du-tag-PropertyPlantAndEquipment.pdf\">PC14 Utilisation du tag PropertyPlantAndEquipment<\/a> : inclusion des droits d&#8217;usage<br>[pratique commune propos\u00e9e le 22\/02\/2022, valid\u00e9e le 28\/04\/2022] <strong>UTILISER RIGHTOFUSEASSETS<\/strong><\/li>\n\n\n\n<li>PC15 Macro-balisage : reprise des tags des \u00e9tats primaires<br>[pratique commune propos\u00e9e le 24\/05\/2022 mais non retenue pour l&#8217;instant]<\/li>\n\n\n\n<li><a rel=\"noreferrer noopener\" href=\"https:\/\/www.xbrlfrance.org\/wp-content\/uploads\/2022\/05\/PC16-XBRLFrance-Mapping-duree-de-vie-PROJET2.pdf\" target=\"_blank\">PC16 Dur\u00e9e de vie<\/a> des SA et SCA fran\u00e7aises<br>[pratique commune propos\u00e9e le 24\/05\/2022] <em> <\/em><\/li>\n\n\n\n<li><a rel=\"noreferrer noopener\" href=\"https:\/\/www.xbrlfrance.org\/wp-content\/uploads\/2022\/05\/PC17-XBRLFrance-Mapping-signes-au-TFT-PROJET.pdf\" target=\"_blank\">PC17 Convention de signes du TFT<\/a> &#8211; augmentation = d\u00e9bit<br>[pratique commune propos\u00e9e le 24\/05\/2022] <\/li>\n<\/ul>\n\n\n\n<p>MULTIBALISAGE<strong> <\/strong>: Pour r\u00e9pondre \u00e0 l&#8217;exigence de multi-tagging (macro-balises imbriqu\u00e9es) exprim\u00e9e dans l&#8217;ESEF Reporting Manual 2022, le GT a propos\u00e9 une hi\u00e9rarchie standard : <a href=\"https:\/\/www.xbrlfrance.org\/wp-content\/uploads\/2022\/11\/Introduction-Hierarchie-groupe-mapping-XBRL-v19.pdf\" target=\"_blank\" rel=\"noreferrer noopener\">INTRODUCTION<\/a>, <a href=\"https:\/\/www.xbrlfrance.org\/wp-content\/uploads\/2022\/11\/Hierarchie-groupe-mapping-XBRL-2022116.xlsx\" target=\"_blank\" rel=\"noreferrer noopener\">HIERARCHIE<\/a> (version du 16 novembre 2022, n&#8217;a plus cours). Le groupe consid\u00e8re que la hi\u00e9rachie trouverait sa place dans la taxonomie pour \u00e9viter un multibalisage complexe et lourd pour les \u00e9metteurs.<\/p>\n\n\n\n<p><strong>ENGLISH:<\/strong> The ESEF Mapping Common Practices for France, prepared by the Group, are also <a href=\"https:\/\/www.xbrlfrance.org\/wp-content\/uploads\/2022\/05\/XBRLFRPC-ESEF-MAPPING-2021-2022-EN-v0.pdf\" target=\"_blank\" rel=\"noreferrer noopener\">available in English<\/a> language (PC01-PC16 from 2021 and early 2022). The group has prepared a the block-tagging <a href=\"https:\/\/www.xbrlfrance.org\/wp-content\/uploads\/2022\/11\/Blocktag-hierarchy-XBRL-France-20221116.xlsx\" target=\"_blank\" rel=\"noreferrer noopener\">hierarchy<\/a> (2022 release, see above for updated versions) to prepare multiple-tagging as requested in the ESEF Reporting Manual. The group would prefer the hierachy to be included in the taxonomy to free issuers from a heavy multi-tagging burden.<\/p>\n\n\n\n<hr>\n<h3>Historique des r\u00e9unions<\/h3>\n\n\n\n<p><strong>SUPPORTS ET COMPTES-RENDUS DE REUNIONS 2025<\/strong><\/p>\n<ul>\n<li>R\u00e9union 2025-01 &#8211; 16\/01\/2025 de 15h \u00e0 17h &#8211; En ligne &#8211; <a href=\"https:\/\/www.xbrlfrance.org\/wp-content\/uploads\/2025\/01\/XBRLFrance-Groupe-MappingESEF-20251-avec-CR.pdf\" target=\"_blank\" rel=\"noopener\">SUPPORT<\/a> (avec CR)<\/li>\n<li>Sous-groupe Consultation ESEF 28\/01\/2025 de 15h \u00e0 17h &#8211; En ligne &#8211; <a href=\"https:\/\/www.xbrlfrance.org\/wp-content\/uploads\/2025\/01\/XBRLFrance-SOUS-Groupe-MappingESEF-20250228-avec-proposition.pdf\" target=\"_blank\" rel=\"noopener\">SUPPORT<\/a> (avec proposition)<\/li>\n<li>R\u00e9union 2025-02 &#8211; 13\/02\/2025 de 15h \u00e0 17h &#8211; En ligne &#8211; La proposition dans le support de sous-groupe 28\/01 sera redicust\u00e9e &#8211; <a href=\"https:\/\/www.xbrlfrance.org\/wp-content\/uploads\/2025\/03\/XBRLFrance-Groupe-MappingESEF-20252-avec-CR.pdf\" target=\"_blank\" rel=\"noopener\">SUPPORT<\/a> (avec CR)<\/li>\n<li>R\u00e9union 2025-03 &#8211; 13\/03\/2025 de 14h \u00e0 16h &#8211; En ligne &#8211; Une r\u00e9ponse finale \u00e0 la consultation ESMA a \u00e9t\u00e9 \u00e9tablie. Elle est <a href=\"https:\/\/www.esma.europa.eu\/press-news\/consultations\/consultation-esef-rts-sustainability-reporting-and-amendments-eeap-rts#responses\" target=\"_blank\" rel=\"noopener\">consultable<\/a> sur le site de l&#8217;ESMA.<\/li>\n<li>R\u00e9union 2025-04 &#8211; 20\/05\/2025 de 14h \u00e0 16h &#8211; En ligne &#8211; Retour sur la campagne des AFR2024 &#8211; <a href=\"https:\/\/www.xbrlfrance.org\/wp-content\/uploads\/2025\/07\/XBRLFrance-Groupe-MappingESEF-20250520-3.pdf\">SUPPORT<\/a><\/li>\n<li>R\u00e9union 2025-05 &#8211; 26\/06\/2025 apr\u00e8s-midi &#8211; R\u00e9union physique dans le cadre d&#8217;un journ\u00e9e d&#8217;AG et GT XBRL France &#8211; <a href=\"https:\/\/www.xbrlfrance.org\/wp-content\/uploads\/2025\/07\/XBRLFrance-Groupe-MappingESEF-20250626-avec-CR.pptx\" target=\"_blank\" rel=\"noopener\">SUPPORT<\/a> (avec CR)<\/li>\n<li>R\u00e9union 2025-06 &#8211; 22\/07\/2025 de 10h \u00e0 12h &#8211; <a href=\"https:\/\/www.xbrlfrance.org\/wp-content\/uploads\/2025\/07\/XBRLFrance-Groupe-MappingESEF-20250722-avec-CR.pdf\" target=\"_blank\" rel=\"noopener\">SUPPORT<\/a> (avec CR) et <a href=\"https:\/\/www.xbrlfrance.org\/wp-content\/uploads\/2025\/07\/XFR-Comments-on-ERM-Update-July-2025-VF.docx\" target=\"_blank\" rel=\"noopener\">suggestions<\/a> pour l&#8217;ESMA relatives aux \u00e9volutions du Manuel de Reporting<\/li>\n<li>R\u00e9union 2025-07 &#8211; 23\/09\/2025 de 14h \u00e0 16h &#8211; <a href=\"https:\/\/www.xbrlfrance.org\/wp-content\/uploads\/2025\/09\/XBRLFrance-Groupe-MappingESEF-20250923-avec-CR.pdf\" target=\"_blank\" rel=\"noopener\">SUPPORT<\/a> (avec CR) et discussion avec l&#8217;AMF sur les recommadations d&#8217;arr\u00eat\u00e9 des comptes 2025 (partie ESEF)&nbsp;<\/li>\n<li>R\u00e9union 2025-08 &#8211; 21\/10\/2025 de 14h \u00e0 15h &#8211; <a href=\"https:\/\/www.xbrlfrance.org\/wp-content\/uploads\/2025\/10\/XBRLFrance-Groupe-MappingESEF-20251021-avec-CR.pdf\" target=\"_blank\" rel=\"noopener\">SUPPORT<\/a> (avec CR)<\/li>\n<li>R\u00e9union 2025-09 &#8211; 20\/112025 en PRESENTIEL dans les locaux de la CNCC, dans la suite de la <a href=\"https:\/\/www.xbrlfrance.org\/?p=3371\">journ\u00e9e XBRL<\/a> (19\/11) et d\u00e9di\u00e9e au sujet CbCR (country-by-country reporting) <a href=\"https:\/\/www.xbrlfrance.org\/wp-content\/uploads\/2026\/01\/Groupe_travail_CBCR_20251911.pdf\" target=\"_blank\" rel=\"noopener\">SUPPORT<\/a> (avec CR)&nbsp;<\/li>\n<\/ul>\n<p><strong>SUPPORTS ET COMPTES-RENDUS DE REUNIONS 2024<\/strong><\/p>\n<ul>\n<li>R\u00e9union 2024-01 06\/02\/2024 de 14h \u00e0 16h &#8211; En ligne &#8211; <a href=\"https:\/\/www.xbrlfrance.org\/wp-content\/uploads\/2024\/03\/XBRLFrance-Groupe-MappingESEF-20240305-AVECCNOTES.pdf\" target=\"_blank\" rel=\"noopener\">SUPPORT<\/a> (avec CR)&nbsp;<\/li>\n<li>R\u00e9union 2024-02 05\/03\/2024 de 14h \u00e0 16h &#8211; En ligne &#8211; <a href=\"https:\/\/www.xbrlfrance.org\/wp-content\/uploads\/2024\/03\/XBRLFrance-Groupe-MappingESEF-20240206-AVECNOTES.pdf\" target=\"_blank\" rel=\"noopener\">SUPPORT<\/a> (avec CR)<\/li>\n<li>R\u00e9union 2024-03 23\/04\/2024 de 14h \u00e0 16h &#8211; En ligne &#8211; <a href=\"https:\/\/www.xbrlfrance.org\/wp-content\/uploads\/2024\/06\/XBRLFrance-Groupe-MappingESEF-20240423-AVECNOTES.pdf\" target=\"_blank\" rel=\"noopener\">SUPPORT<\/a> (avec CR)<\/li>\n<li>R\u00e9union 2024-04 en lien avec les XBRL Europe Days \u00e0 Malte les 23 et 24\/05\/2024<\/li>\n<li>R\u00e9union 2024-05 27\/06\/2024 de 14h \u00e0 15h30 &#8211; Pr\u00e9sentiel &#8211; <a href=\"https:\/\/www.xbrlfrance.org\/wp-content\/uploads\/2024\/09\/XBRLFrance-Groupe-MappingESEF-20240627-AVECNOTES.pdf\" target=\"_blank\" rel=\"noopener\">SUPPORT<\/a> (avec CR)<\/li>\n<li>R\u00e9union 2024-06 16\/06\/2024 de 14h \u00e0 16h &#8211; En ligne &#8211; <a href=\"https:\/\/www.xbrlfrance.org\/wp-content\/uploads\/2024\/10\/XBRLFrance-Groupe-MappingESEF-20240916-AVECNOTES.pdf\">SUPPORT<\/a> (avec CR)&nbsp;<\/li>\n<li>Webinaire le 01\/10\/2024 ouverts aux membres et personnes int\u00e9ress\u00e9es &#8211; <a href=\"https:\/\/www.xbrlfrance.org\/?p=2837\">VOIR<\/a><\/li>\n<li>R\u00e9union 2024-07 15\/10\/2024 de 14h \u00e0 16h &#8211; En ligne &#8211; <a href=\"https:\/\/www.xbrlfrance.org\/wp-content\/uploads\/2024\/12\/XBRLFrance-Groupe-MappingESEF-20241015-AVEC-NOTES.pdf\">SUPPORT<\/a> (avec CR)<\/li>\n<li>R\u00e9union 2024-08 14\/11\/2024 de 14h \u00e0 16h &#8211; En ligne &#8211; <a href=\"https:\/\/www.xbrlfrance.org\/wp-content\/uploads\/2024\/12\/XBRLFrance-Groupe-MappingESEF-20241114-AVEC-NOTES.pdf\" target=\"_blank\" rel=\"noopener\">SUPPORT<\/a> (avec CR)<\/li>\n<li>R\u00e9union 2023-09 10\/12\/2024 lors des <a href=\"https:\/\/www.xbrlfrance.org\/?p=2902\">journ\u00e9es XBRL France<\/a> \u00e0 Paris &#8211; <a href=\"https:\/\/www.xbrlfrance.org\/wp-content\/uploads\/2024\/12\/XBRLFrance-Groupe-MappingESEF-20241211-AVEC-NOTES.pptx\" target=\"_blank\" rel=\"noopener\">SUPPORT<\/a> (avec CR)<\/li>\n<\/ul>\n\n\n\n<p><strong>SUPPORTS ET COMPTE-RENDUS DE REUNION 2023<\/strong><\/p>\n\n\n\n<ul class=\"wp-block-list\">\n<li>R\u00e9union 2023-01&nbsp;<strong>12\/01\/2023<\/strong>&nbsp;de 14h \u00e0 16h \u2013 En ligne<\/li>\n\n\n\n<li>R\u00e9union 2023-02&nbsp;<strong>14\/02\/202<\/strong>3 de 14h \u00e0 16h \u2013 En ligne&nbsp;<a href=\"https:\/\/www.xbrlfrance.org\/wp-content\/uploads\/2023\/04\/XBRLFrance-Groupe-MappingESEF-233FEV.pdf\" target=\"_blank\" rel=\"noreferrer noopener\">SUPPORT<\/a>&nbsp;(avec notes de r\u00e9union)<\/li>\n\n\n\n<li>R\u00e9union 2023-03&nbsp;<strong>16\/03\/2023<\/strong>&nbsp;de 14h \u00e0 16h \u2013 En pr\u00e9sentiel ou distanciel&nbsp;<a href=\"https:\/\/www.xbrlfrance.org\/wp-content\/uploads\/2023\/04\/XBRLFrance-Groupe-MappingESEF-23MAR.pdf\" target=\"_blank\" rel=\"noreferrer noopener\">SUPPORT<\/a>&nbsp;(avec notes)<\/li>\n\n\n\n<li>R\u00e9union 2023-04&nbsp;<strong>20\/04\/2023<\/strong>&nbsp;de 14h \u00e0 16h \u2013 En ligne&nbsp;<a href=\"https:\/\/www.xbrlfrance.org\/wp-content\/uploads\/2023\/06\/XBRLFrance-Groupe-MappingESEF-20AVR.pdf\" target=\"_blank\" rel=\"noreferrer noopener\">SUPPORT<\/a>&nbsp;(avec CR)<\/li>\n\n\n\n<li>En mai, participation aux journ\u00e9es XBRL Europe \u00e0&nbsp;<a href=\"https:\/\/www.xbrleurope.org\/?p=6074\" target=\"_blank\" rel=\"noreferrer noopener\">Rome<\/a><\/li>\n\n\n\n<li>R\u00e9union 2023-05&nbsp;<strong>20\/06\/2023&nbsp;<\/strong>de 14h \u00e0 16h \u2013 En ligne&nbsp;<a href=\"https:\/\/www.xbrlfrance.org\/wp-content\/uploads\/2023\/06\/XBRLFrance-Groupe-MappingESEF-20JUN.pdf\" target=\"_blank\" rel=\"noreferrer noopener\">SUPPORT<\/a>&nbsp;(avec CR)<\/li>\n\n\n\n<li>R\u00e9union 2023-06&nbsp;<strong>12\/09\/2023<\/strong>&nbsp;de 14h \u00e0 16h \u2013 En ligne&nbsp;<a href=\"https:\/\/www.xbrlfrance.org\/wp-content\/uploads\/2023\/09\/XBRLFrance-Groupe-MappingESEF-12SEP-AVEC-CR.pdf\" target=\"_blank\" rel=\"noreferrer noopener\">SUPPORT<\/a>&nbsp;(avec CR)<\/li>\n\n\n\n<li>R\u00e9union 2023-07&nbsp;<strong>24\/10\/2023<\/strong>&nbsp;de 14h \u00e0 16h \u2013 En ligne <a href=\"https:\/\/www.xbrlfrance.org\/wp-content\/uploads\/2023\/11\/XBRLFrance-Groupe-MappingESEF-24OCT-AVEC-CR.pdf\" target=\"_blank\" rel=\"noreferrer noopener\">SUPPORT<\/a> (avec CR)<\/li>\n\n\n\n<li>R\u00e9union 2023-08&nbsp;<strong>14\/11\/2023<\/strong> de 14h \u00e0 16h \u2013 En ligne <a href=\"https:\/\/www.xbrlfrance.org\/wp-content\/uploads\/2023\/11\/XBRLFrance-Groupe-MappingESEF-14NOV-AVEC-CR.pdf\" target=\"_blank\" rel=\"noreferrer noopener\">SUPPORT<\/a> (avec CR)<\/li>\n\n\n\n<li>R\u00e9union 2023-09&nbsp;<strong>12\/12\/2023<\/strong> de 10h30 \u00e0 12h30 \u2013 A la CNCC et en ligne <a href=\"https:\/\/www.xbrlfrance.org\/wp-content\/uploads\/2023\/12\/XBRLFrance-Groupe-MappingESEF-12DEC-AVEC-CR.pdf\" data-type=\"link\" data-id=\"https:\/\/www.xbrlfrance.org\/wp-content\/uploads\/2023\/12\/XBRLFrance-Groupe-MappingESEF-12DEC-AVEC-CR.pdf\">SUPPORT<\/a> (avec CR)<\/li>\n<\/ul>\n\n\n\n<p>Un sous-groupe a mis \u00e0 jour la <a href=\"https:\/\/www.xbrlfrance.org\/wp-content\/uploads\/2023\/12\/Blocktag-hierarchy-2022-FR-ENG-GT-XBRL-FRANCE.xlsx\">hi\u00e9rarchie<\/a> des macro-balises ESEF publi\u00e9 sur ce site. Un autre sous-groupe \u00e0 pr\u00e9par\u00e9 une r\u00e9ponse \u00e0 la consultation <a href=\"https:\/\/www.ifrs.org\/content\/ifrs\/home\/projects\/work-plan\/ifrs-accounting-tu-cp-fi-gi\/tu-cp-fi-gi-ptu-comment-letters.html\" target=\"_blank\" rel=\"noopener\">IFRS Taxonomy Update<\/a> 2023.&nbsp;<\/p>\n\n\n\n<p><strong>SUPPORTS ET COMPTE-RENDUS DE REUNIONS 2022<\/strong><\/p>\n\n\n\n<ul class=\"wp-block-list\">\n<li>R\u00e9union 2022-01 <strong>25\/01\/2022<\/strong> &#8211; liens CNCC\/Act\u00e9o, PC et macrotags \/ <a rel=\"noreferrer noopener\" href=\"https:\/\/www.xbrlfrance.org\/wp-content\/uploads\/2022\/01\/XBRLFrance-Groupe-MappingESEF-22R01-V2.pdf\" target=\"_blank\">SUPPORT<\/a> + <a rel=\"noreferrer noopener\" href=\"https:\/\/www.xbrlfrance.org\/wp-content\/uploads\/2022\/02\/XFR-ESEFmapping-20220125.pdf\" target=\"_blank\">CR<\/a> + <a rel=\"noreferrer noopener\" href=\"https:\/\/www.xbrlfrance.org\/wp-content\/uploads\/2022\/01\/Consultation_Ordre_Presentation.zip\" target=\"_blank\">Q1<\/a>\/<a rel=\"noreferrer noopener\" href=\"https:\/\/www.xbrlfrance.org\/wp-content\/uploads\/2022\/01\/Consultation_Comparatifs.zip\" target=\"_blank\">Q2<\/a> CNCC<\/li>\n\n\n\n<li><span style=\"color: initial;\">R\u00e9union 2022-02 <\/span><strong style=\"color: initial;\">22\/02\/2022<\/strong> de 14h30 \u00e0 16h30 \/ <a rel=\"noreferrer noopener\" href=\"https:\/\/www.xbrlfrance.org\/wp-content\/uploads\/2022\/02\/XBRLFrance-Groupe-MappingESEF-22R02.pdf\" target=\"_blank\">SUPPORT<\/a> + <a rel=\"noreferrer noopener\" href=\"https:\/\/www.xbrlfrance.org\/wp-content\/uploads\/2022\/03\/XFR-ESEFmapping-20220222.pdf\" data-type=\"URL\" data-id=\"https:\/\/www.xbrlfrance.org\/wp-content\/uploads\/2022\/03\/XFR-ESEFmapping-20220222.pdf\" target=\"_blank\">CR<\/a> + <a rel=\"noreferrer noopener\" href=\"https:\/\/www.xbrlfrance.org\/wp-content\/uploads\/2022\/03\/PC10-XBRLFranceMapping-Macro-balisage-Macro-balises-a-considerer-PROJET.pdf\" target=\"_blank\">PC10<\/a> (<a rel=\"noreferrer noopener\" href=\"https:\/\/www.xbrlfrance.org\/wp-content\/uploads\/2022\/03\/LISTE-DES-MACROBALISES-ESEF-2021.xlsx\" target=\"_blank\">+liste<\/a>) <a rel=\"noreferrer noopener\" href=\"https:\/\/www.xbrlfrance.org\/wp-content\/uploads\/2022\/03\/PC11-XBRLFranceMapping-Macro-balisage-Granularite-pour-le-macro-balisage-PROJET.pdf\" target=\"_blank\">PC11<\/a> <a rel=\"noreferrer noopener\" href=\"https:\/\/www.xbrlfrance.org\/wp-content\/uploads\/2022\/03\/PC13-XBRLFranceMapping-donnees-comparatives-retraitees-PROJET.pdf\" target=\"_blank\">PC13<\/a> <a rel=\"noreferrer noopener\" href=\"https:\/\/www.xbrlfrance.org\/wp-content\/uploads\/2022\/03\/PC14-XBRLFranceMapping-utilisation-du-tag-PropertyPlantAndEquipment-PROJET.pptx\" target=\"_blank\">PC14<\/a> <\/li>\n\n\n\n<li><span style=\"color: initial;\">R\u00e9union 2022-03 <\/span><strong style=\"color: initial;\">29\/03\/2022<\/strong> de 14h30 \u00e0 16h30  \/ <a rel=\"noreferrer noopener\" href=\"https:\/\/www.xbrlfrance.org\/wp-content\/uploads\/2022\/03\/XBRLFrance-Groupe-MappingESEF-22R03.pdf\" target=\"_blank\">SUPPORT<\/a> + <a rel=\"noreferrer noopener\" href=\"https:\/\/www.xbrlfrance.org\/wp-content\/uploads\/2022\/03\/XFR-ESEFmapping-20220329.pdf\" target=\"_blank\">CR<\/a><\/li>\n\n\n\n<li>R\u00e9union 2022-04 <strong>28\/04\/2022 <\/strong>de 14h00 \u00e0 16h00 en hybride (Paris St Lazare) \/ <a rel=\"noreferrer noopener\" href=\"https:\/\/www.xbrlfrance.org\/wp-content\/uploads\/2022\/05\/XBRLFrance-Groupe-MappingESEF-22R04.pdf\" target=\"_blank\">SUPPORT<\/a> + <a rel=\"noreferrer noopener\" href=\"https:\/\/www.xbrlfrance.org\/wp-content\/uploads\/2022\/05\/XFR-ESEFmapping-20220428.pdf\" target=\"_blank\">CR<\/a><\/li>\n\n\n\n<li>R\u00e9union 2022-05 <strong>24\/05\/2022 <\/strong>de 14h30 \u00e0 16h30 en distanciel \/ <a href=\"https:\/\/www.xbrlfrance.org\/wp-content\/uploads\/2022\/06\/XBRLFrance-Groupe-MappingESEF-22R05.pdf\">SUPPORT<\/a> + <a rel=\"noreferrer noopener\" href=\"https:\/\/www.xbrlfrance.org\/wp-content\/uploads\/2022\/05\/XFR-ESEFmapping-20220524.pdf\" target=\"_blank\">CR<\/a><\/li>\n\n\n\n<li>R\u00e9union 2022-06 <strong>14\/06\/2022 <\/strong>de 14h30 \u00e0 15h30 en hybride (Paris St Lazare) \/ <a rel=\"noreferrer noopener\" href=\"https:\/\/www.xbrlfrance.org\/wp-content\/uploads\/2022\/06\/XBRLFrance-Groupe-MappingESEF-22R06.pdf\" target=\"_blank\">SUPPORT<\/a> + <a rel=\"noreferrer noopener\" href=\"https:\/\/www.xbrlfrance.org\/wp-content\/uploads\/2022\/06\/XFR-ESEFmapping-20220614.pdf\" target=\"_blank\">CR<\/a> + commentaires <a rel=\"noreferrer noopener\" href=\"https:\/\/www.xbrlfrance.org\/wp-content\/uploads\/2022\/06\/XBRLFREMPA-RevueANC-20-02-v02.xlsx\" target=\"_blank\">reco ANC<\/a> 2020-02<\/li>\n\n\n\n<li>R\u00e9union 2022-07 <strong>12\/07\/2022 <\/strong>de 14h00 \u00e0 16h00 en distanciel  \/ <a rel=\"noreferrer noopener\" href=\"https:\/\/www.xbrlfrance.org\/wp-content\/uploads\/2022\/07\/XBRLFrance-Groupe-MappingESEF-22R07.pdf\" target=\"_blank\">SUPPORT<\/a> + <a rel=\"noreferrer noopener\" href=\"https:\/\/www.xbrlfrance.org\/wp-content\/uploads\/2022\/07\/XFR-ESEFmapping-20220712f.pdf\" target=\"_blank\">CR<\/a> + <a href=\"https:\/\/www.xbrlfrance.org\/wp-content\/uploads\/2022\/07\/Tableau-BT-V02.xlsx\">Ex.MacroMapping<\/a>.<\/li>\n\n\n\n<li>R\u00e9union 2022-08 <strong>15\/09\/2022<\/strong> de 14h00 \u00e0 16h00 en distanciel \/ <a rel=\"noreferrer noopener\" href=\"https:\/\/www.xbrlfrance.org\/wp-content\/uploads\/2022\/09\/XFR-ESEFmapping-20220915.pdf\" data-type=\"URL\" data-id=\"https:\/\/www.xbrlfrance.org\/wp-content\/uploads\/2022\/09\/XFR-ESEFmapping-20220915.pdf\" target=\"_blank\">CR<\/a><\/li>\n\n\n\n<li>R\u00e9union 2022-09 <strong>12\/10\/2022<\/strong> de 14h00 \u00e0 16h00 en pr\u00e9sentiel (locaux de BM&amp;A) \/ <a href=\"https:\/\/www.xbrlfrance.org\/wp-content\/uploads\/2022\/11\/XFR-ESEFmapping-20221012.pdf\" data-type=\"URL\" data-id=\"https:\/\/www.xbrlfrance.org\/wp-content\/uploads\/2022\/11\/XFR-ESEFmapping-20221012.pdf\">CR<\/a><\/li>\n\n\n\n<li>R\u00e9union 2022-10 <strong>15\/11\/2022<\/strong> de 14h00 \u00e0 16h00 en distanciel <\/li>\n\n\n\n<li>R\u00e9union 2022-11 <strong>13\/12\/2022<\/strong> de 14h00 \u00e0 16h00 en distanciel <\/li>\n<\/ul>\n\n\n\n<p>Un sous-groupe s&#8217;est r\u00e9uni les mardi d&#8217;avril et de mai pour pr\u00e9parer une liste class\u00e9e des macro-balises ESEF et approfondir les sujets. Le r\u00e9capitulatif des points abord\u00e9s est repris dans le CR de la r\u00e9union 04.<\/p>\n\n\n\n<p>Un sous-groupe s&#8217;est r\u00e9uni en septembre-novembre 2022 pour \u00e9tablir une hi\u00e9rarchie automatique des balise afin d&#8217;apporter une r\u00e9ponse pratique au multi-balisage \u00e9voqu\u00e9 par l&#8217;ESMA dans le Reporting Manual. Les principes et conclusions sont pr\u00e9sent\u00e9es en r\u00e9unions 09 et 10.<\/p>\n\n\n\n<p><strong>SUPPORTS ET COMPTE-RENDUS DE REUNIONS 2021<\/strong><\/p>\n\n\n\n<ul class=\"wp-block-list\">\n<li>R\u00e9union 2021-01 <strong>25\/03\/2021<\/strong> &#8211; prise de connaissance et d\u00e9bat RightOfUseAssets\/ <a rel=\"noreferrer noopener\" href=\"https:\/\/www.xbrlfrance.org\/wp-content\/uploads\/2021\/04\/XBRLFrance-Groupe-MappingESEF-R1-V01.pdf\" data-type=\"URL\" data-id=\"https:\/\/www.xbrlfrance.org\/wp-content\/uploads\/2021\/04\/XBRLFrance-Groupe-MappingESEF-R1-V01.pdf\" target=\"_blank\">SUPPORT<\/a> + <a rel=\"noreferrer noopener\" href=\"https:\/\/www.xbrlfrance.org\/wp-content\/uploads\/2021\/04\/XFR-ESEFmapping-20210326-V01bis.pdf\" data-type=\"URL\" data-id=\"https:\/\/www.xbrlfrance.org\/wp-content\/uploads\/2021\/04\/XFR-ESEFmapping-20210326-V01bis.pdf\" target=\"_blank\">CR<\/a><\/li>\n\n\n\n<li>R\u00e9union 2021-02 <strong>06\/05\/2021<\/strong> &#8211; d\u00e9bat sur le mapping item ou cat\u00e9gorie\/ <a rel=\"noreferrer noopener\" href=\"https:\/\/www.xbrlfrance.org\/wp-content\/uploads\/2021\/05\/XBRLFrance-Groupe-MappingESEF-R2-V01.pdf\" target=\"_blank\">SUPPORT<\/a> + <a rel=\"noreferrer noopener\" href=\"https:\/\/www.xbrlfrance.org\/wp-content\/uploads\/2021\/06\/XFR-ESEFmapping-20210506.pdf\" target=\"_blank\">CR<\/a> <\/li>\n\n\n\n<li>R\u00e9union 2021-03 <strong>02\/06\/2021<\/strong> &#8211; taxonomie 2021 et dates XBRL \/ <a rel=\"noreferrer noopener\" href=\"https:\/\/www.xbrlfrance.org\/wp-content\/uploads\/2021\/06\/XBRLFrance-Groupe-MappingESEF-R3-V00.pdf\" target=\"_blank\">SUPPORT<\/a> + <a rel=\"noreferrer noopener\" href=\"https:\/\/www.xbrlfrance.org\/wp-content\/uploads\/2021\/06\/XFR-ESEFmapping-20210602.pdf\" target=\"_blank\">CR<\/a><\/li>\n\n\n\n<li>R\u00e9union 2021-04 <strong>30\/06\/2021<\/strong> &#8211; taxonomie des analystes, composantes de l&#8217;Equity \/ <a rel=\"noreferrer noopener\" href=\"https:\/\/www.xbrlfrance.org\/wp-content\/uploads\/2021\/07\/XBRLFrance-Groupe-MappingESEF-R4.pdf\" data-type=\"URL\" data-id=\"https:\/\/www.xbrlfrance.org\/wp-content\/uploads\/2021\/07\/XBRLFrance-Groupe-MappingESEF-R4.pdf\" target=\"_blank\">SUPPORT<\/a> + <a rel=\"noreferrer noopener\" href=\"https:\/\/www.xbrlfrance.org\/wp-content\/uploads\/2021\/09\/XFR-ESEFmapping-20210630.pdf\" data-type=\"URL\" data-id=\"https:\/\/www.xbrlfrance.org\/wp-content\/uploads\/2021\/09\/XFR-ESEFmapping-20210630.pdf\" target=\"_blank\">CR<\/a><\/li>\n\n\n\n<li>R\u00e9union 2021-05 <strong>08\/09\/2021<\/strong> &#8211; impacts des \u00e9volution du Reporting Manuel \/ <a rel=\"noreferrer noopener\" href=\"https:\/\/www.xbrlfrance.org\/wp-content\/uploads\/2021\/09\/XBRLFrance-Groupe-MappingESEF-R5-tv-Publie.pdf\" target=\"_blank\">SUPPORT<\/a> + <a rel=\"noreferrer noopener\" href=\"https:\/\/www.xbrlfrance.org\/wp-content\/uploads\/2021\/09\/XFR-ESEFmapping-20210908.pdf\" target=\"_blank\">CR<\/a><\/li>\n\n\n\n<li>R\u00e9union 2021-06 <strong>27\/10\/2021<\/strong> &#8211; pratiques communes, macro-balisage des annexes \/ <a rel=\"noreferrer noopener\" href=\"https:\/\/www.xbrlfrance.org\/wp-content\/uploads\/2021\/10\/XBRLFrance-Groupe-MappingESEF-R6.pdf\" target=\"_blank\">SUPPORT<\/a> + <a rel=\"noreferrer noopener\" href=\"https:\/\/www.xbrlfrance.org\/wp-content\/uploads\/2021\/11\/XFR-ESEFmapping-20211027.pdf\" data-type=\"URL\" target=\"_blank\">CR<\/a><\/li>\n\n\n\n<li>R\u00e9union 2021-07 <strong>30\/11\/2021<\/strong> &#8211; pratiques communes, macro-balisage des annexes \/ <a href=\"\/\/www.xbrlfrance.org\/wp-content\/uploads\/2022\/01\/XBRLFrance-Groupe-MappingESEF-R07-PR.pdf\" target=\"_blank\" rel=\"noreferrer noopener\">SUPPORT<\/a> + <a href=\"https:\/\/www.xbrlfrance.org\/wp-content\/uploads\/2022\/01\/XFR-ESEFmapping-2021130.pdf\" target=\"_blank\" rel=\"noreferrer noopener\">CR<\/a><\/li>\n<\/ul>\n\n\n\n\n\n\n","protected":false},"excerpt":{"rendered":"<p>Initi\u00e9 en mars 2021 apr\u00e8s les premi\u00e8res remises ESEF, le Groupe de travail Mapping ESEF rassemble des comptables et auditeurs, \u00e9metteurs, analystes et \u00e9diteurs autour des sujets fonctionnels li\u00e9s \u00e0 la mise en oeuvre du r\u00e8glement ESEF, et plus particuli\u00e8rement dans le choix des balises de la taxonomie ESEF utilis\u00e9es pour d\u00e9crire les comptes des [&hellip;]<\/p>\n","protected":false},"author":1,"featured_media":0,"parent":27,"menu_order":6,"comment_status":"closed","ping_status":"closed","template":"","meta":{"footnotes":""},"tags":[],"class_list":["post-1469","page","type-page","status-publish","hentry"],"_links":{"self":[{"href":"https:\/\/www.xbrlfrance.org\/index.php?rest_route=\/wp\/v2\/pages\/1469","targetHints":{"allow":["GET"]}}],"collection":[{"href":"https:\/\/www.xbrlfrance.org\/index.php?rest_route=\/wp\/v2\/pages"}],"about":[{"href":"https:\/\/www.xbrlfrance.org\/index.php?rest_route=\/wp\/v2\/types\/page"}],"author":[{"embeddable":true,"href":"https:\/\/www.xbrlfrance.org\/index.php?rest_route=\/wp\/v2\/users\/1"}],"replies":[{"embeddable":true,"href":"https:\/\/www.xbrlfrance.org\/index.php?rest_route=%2Fwp%2Fv2%2Fcomments&post=1469"}],"version-history":[{"count":118,"href":"https:\/\/www.xbrlfrance.org\/index.php?rest_route=\/wp\/v2\/pages\/1469\/revisions"}],"predecessor-version":[{"id":3815,"href":"https:\/\/www.xbrlfrance.org\/index.php?rest_route=\/wp\/v2\/pages\/1469\/revisions\/3815"}],"up":[{"embeddable":true,"href":"https:\/\/www.xbrlfrance.org\/index.php?rest_route=\/wp\/v2\/pages\/27"}],"wp:attachment":[{"href":"https:\/\/www.xbrlfrance.org\/index.php?rest_route=%2Fwp%2Fv2%2Fmedia&parent=1469"}],"wp:term":[{"taxonomy":"post_tag","embeddable":true,"href":"https:\/\/www.xbrlfrance.org\/index.php?rest_route=%2Fwp%2Fv2%2Ftags&post=1469"}],"curies":[{"name":"wp","href":"https:\/\/api.w.org\/{rel}","templated":true}]}}